{"id":24433,"date":"2024-03-13T10:05:28","date_gmt":"2024-03-13T09:05:28","guid":{"rendered":"https:\/\/autoklastr.cz\/cs\/?post_type=akce&#038;p=24433"},"modified":"2024-03-13T10:05:28","modified_gmt":"2024-03-13T09:05:28","slug":"38-valna-hromada-autoklastru","status":"publish","type":"akce","link":"https:\/\/autoklastr.cz\/cs\/akce\/38-valna-hromada-autoklastru\/","title":{"rendered":"38. Valn\u00e1 hromada Autoklastru"},"content":{"rendered":"<p><img loading=\"lazy\" decoding=\"async\" class=\"alignnone wp-image-24434\" src=\"https:\/\/autoklastr.cz\/wp-content\/uploads\/2024\/03\/unnamed-1-300x94.jpg\" alt=\"\" width=\"744\" height=\"233\" srcset=\"https:\/\/autoklastr.cz\/wp-content\/uploads\/2024\/03\/unnamed-1-300x94.jpg 300w, https:\/\/autoklastr.cz\/wp-content\/uploads\/2024\/03\/unnamed-1-1024x320.jpg 1024w, https:\/\/autoklastr.cz\/wp-content\/uploads\/2024\/03\/unnamed-1-768x240.jpg 768w, https:\/\/autoklastr.cz\/wp-content\/uploads\/2024\/03\/unnamed-1-1200x375.jpg 1200w, https:\/\/autoklastr.cz\/wp-content\/uploads\/2024\/03\/unnamed-1.jpg 1280w\" sizes=\"(max-width: 744px) 100vw, 744px\" \/><\/p>\n<p>V\u00e1\u017een\u00ed \u010dlenov\u00e9 a p\u0159\u00e1tel\u00e9 Autoklastru, r\u00e1di bychom V\u00e1s pozvali na ji\u017e 38. Valnou hromadu Autoklastru s n\u00e1sleduj\u00edc\u00edm programem:<\/p>\n<p><u>P\u0159ed zah\u00e1jen\u00edm ofici\u00e1ln\u00ed \u010d\u00e1sti V\u00e1s chceme pozvat na exkurzi ve spole\u010dnosti Brembo Czech s.r.o., z\u00e1vod II Ostrava<\/u><\/p>\n<p>Exkurze je rezervov\u00e1na pro 2 men\u0161\u00ed skupinky \u00fa\u010dastn\u00edk\u016f se za\u010d\u00e1tkem:<\/p>\n<ul>\n<li>v 10:00 (1.skupina) registrace <a href=\"https:\/\/autoklastr.cz\/cs\/?post_type=akce&#038;p=24438&#038;preview=true\">zde<\/a><\/li>\n<li>v 11:00 (2.skupina) registrace <a href=\"https:\/\/autoklastr.cz\/cs\/?post_type=akce&#038;p=24440&#038;preview=true\">zde<\/a><\/li>\n<\/ul>\n<p><u>PROGRAM VH:<\/u><\/p>\n<p>13:15 &#8211; 13:30\u00a0\u00a0\u00a0\u00a0\u00a0 Registrace \u00fa\u010dastn\u00edk\u016f VH \u2013 kav\u00e1rna Elektra Ostrava<\/p>\n<p>13:30 &#8211; 13:40\u00a0\u00a0\u00a0\u00a0\u00a0 Zah\u00e1jen\u00ed, schv\u00e1len\u00ed programu Valn\u00e9 hromady (volba n\u00e1vrhov\u00e9 a volebn\u00ed komise,<\/p>\n<p>zapisovatele a ov\u011b\u0159ovatel\u016f)<\/p>\n<p>13:40 &#8211; 13:55\u00a0\u00a0\u00a0\u00a0 P\u0159edstaven\u00ed hostitele VH a nov\u00fdch \u010dlen\u016f klastru<\/p>\n<p>13:55 &#8211; 14:10\u00a0\u00a0\u00a0\u00a0 Zhodnocen\u00ed roku 2023 (\u010dlensk\u00e1 z\u00e1kladna, hodnocen\u00ed \u010dinnosti a v\u00fdsledek hospoda\u0159en\u00ed,<\/p>\n<p>zpr\u00e1va Dozor\u010d\u00ed rady, schv\u00e1len\u00ed zm\u011bny s\u00eddla spolku)<\/p>\n<p>14:10 &#8211; 14:30\u00a0\u00a0\u00a0\u00a0\u00a0 Pl\u00e1n \u010dinnosti a rozpo\u010det roku 2024, v\u010d. nab\u00eddky \u201eprodukt\u016f\u201c z\u00a0produktov\u00e9 matice Autoklastru<\/p>\n<p>14:30 &#8211; 14:50\u00a0\u00a0\u00a0\u00a0\u00a0 P\u0159ehled projekt\u016f Autoklastru \u2013 p\u0159\u00edklad projektu v\u00a0realizaci a p\u0159\u00edklad p\u0159ipravovan\u00e9ho projektu<\/p>\n<p>14:50 &#8211; 15:05\u00a0\u00a0\u00a0\u00a0\u00a0 Diskuze, schv\u00e1len\u00ed usnesen\u00ed, z\u00e1v\u011br<\/p>\n<p>15:05 &#8211; 15:45\u00a0\u00a0\u00a0\u00a0 \u00a0P\u0159est\u00e1vka, networking, ob\u010derstven\u00ed<\/p>\n<p>&nbsp;<\/p>\n<p>15:45 &#8211; 16:05\u00a0\u00a0\u00a0\u00a0 Ing.Janis Papadopulos &#8211; tvorba firemn\u00edch kalkulac\u00ed a p\u0159idan\u00e1 hodnota v\u00fdrobku<\/p>\n<p>16:05 &#8211; 16:35\u00a0\u00a0\u00a0\u00a0 Ing.Petr Sklen\u00e1\u0159 \u2013 makroekonomick\u00fd pohled na konkurenceschopnost EU ekonomik, m\u011bnov\u00e1 rizika<\/p>\n<p>16:35 &#8211; 17:05\u00a0\u00a0\u00a0\u00a0 Ing.Michal Semotan \u2013 f\u00faze a partnerstv\u00ed v automotive, s\u00a0bli\u017e\u0161\u00edm zam\u011b\u0159en\u00edm na VW group<\/p>\n<p>17:05 &#8211; 17:30\u00a0\u00a0 Voln\u00e1 diskuze s p\u0159edn\u00e1\u0161ej\u00edc\u00edmi<\/p>\n<p>&nbsp;<\/p>\n<p><strong>Pros\u00edme o potvrzen\u00ed registrace \u010derven\u00fdm tla\u010d\u00edtkem..<\/strong><\/p>\n<p><strong>\u00a0<\/strong><em>Valn\u00e9 hromady se \u00fa\u010dastn\u00ed statut\u00e1rn\u00ed z\u00e1stupce spole\u010dnosti nebo jeho z\u00e1stupce na z\u00e1klad\u011b pln\u00e9 moci.<\/em><\/p>\n","protected":false},"excerpt":{"rendered":"<p>V\u00e1\u017een\u00ed \u010dlenov\u00e9 a p\u0159\u00e1tel\u00e9 Autoklastru, r\u00e1di bychom V\u00e1s pozvali na ji\u017e 38. Valnou hromadu Autoklastru s n\u00e1sleduj\u00edc\u00edm programem: P\u0159ed zah\u00e1jen\u00edm ofici\u00e1ln\u00ed \u010d\u00e1sti V\u00e1s chceme pozvat na exkurzi ve spole\u010dnosti Brembo Czech s.r.o., z\u00e1vod II Ostrava Exkurze je rezervov\u00e1na pro 2 men\u0161\u00ed skupinky \u00fa\u010dastn\u00edk\u016f se za\u010d\u00e1tkem: v 10:00 (1.skupina) registrace zde v 11:00 (2.skupina) registrace zde [&hellip;]<\/p>\n","protected":false},"featured_media":24434,"template":"","rok":[76],"mesic":[81],"type_action":[266],"acf":[],"yoast_head":"<!-- This site is optimized with the Yoast SEO plugin v24.5 - https:\/\/yoast.com\/wordpress\/plugins\/seo\/ -->\n<title>38. Valn\u00e1 hromada Autoklastru | Autoklastr<\/title>\n<meta name=\"robots\" content=\"index, follow, max-snippet:-1, max-image-preview:large, max-video-preview:-1\" \/>\n<link rel=\"canonical\" href=\"https:\/\/autoklastr.cz\/cs\/akce\/38-valna-hromada-autoklastru\/\" \/>\n<meta property=\"og:locale\" content=\"cs_CZ\" \/>\n<meta property=\"og:locale:alternate\" content=\"en_US\" \/>\n<meta property=\"og:type\" content=\"article\" \/>\n<meta property=\"og:title\" content=\"38. Valn\u00e1 hromada Autoklastru\" \/>\n<meta property=\"og:description\" content=\"V\u00e1\u017een\u00ed \u010dlenov\u00e9 a p\u0159\u00e1tel\u00e9 Autoklastru, r\u00e1di bychom V\u00e1s pozvali na ji\u017e 38. Valnou hromadu Autoklastru s n\u00e1sleduj\u00edc\u00edm programem: P\u0159ed zah\u00e1jen\u00edm ofici\u00e1ln\u00ed \u010d\u00e1sti V\u00e1s chceme pozvat na exkurzi ve spole\u010dnosti Brembo Czech s.r.o., z\u00e1vod II Ostrava Exkurze je rezervov\u00e1na pro 2 men\u0161\u00ed skupinky \u00fa\u010dastn\u00edk\u016f se za\u010d\u00e1tkem: v 10:00 (1.skupina) registrace zde v 11:00 (2.skupina) registrace zde [&hellip;]\" \/>\n<meta property=\"og:url\" content=\"https:\/\/autoklastr.cz\/cs\/akce\/38-valna-hromada-autoklastru\/\" \/>\n<meta property=\"og:site_name\" content=\"Autoklastr\" \/>\n<meta property=\"og:image\" content=\"https:\/\/autoklastr.cz\/wp-content\/uploads\/2024\/03\/unnamed-1.jpg\" \/>\n\t<meta property=\"og:image:width\" content=\"1280\" \/>\n\t<meta property=\"og:image:height\" content=\"400\" \/>\n\t<meta property=\"og:image:type\" content=\"image\/jpeg\" \/>\n<meta name=\"twitter:card\" content=\"summary_large_image\" \/>\n<meta name=\"twitter:label1\" content=\"Odhadovan\u00e1 doba \u010dten\u00ed\" \/>\n\t<meta name=\"twitter:data1\" content=\"2 minuty\" \/>\n<script type=\"application\/ld+json\" class=\"yoast-schema-graph\">{\"@context\":\"https:\/\/schema.org\",\"@graph\":[{\"@type\":\"WebPage\",\"@id\":\"https:\/\/autoklastr.cz\/cs\/akce\/38-valna-hromada-autoklastru\/\",\"url\":\"https:\/\/autoklastr.cz\/cs\/akce\/38-valna-hromada-autoklastru\/\",\"name\":\"38. Valn\u00e1 hromada Autoklastru\",\"isPartOf\":{\"@id\":\"https:\/\/autoklastr.cz\/cs\/#website\"},\"primaryImageOfPage\":{\"@id\":\"https:\/\/autoklastr.cz\/cs\/akce\/38-valna-hromada-autoklastru\/#primaryimage\"},\"image\":{\"@id\":\"https:\/\/autoklastr.cz\/cs\/akce\/38-valna-hromada-autoklastru\/#primaryimage\"},\"thumbnailUrl\":\"https:\/\/autoklastr.cz\/wp-content\/uploads\/2024\/03\/unnamed-1.jpg\",\"datePublished\":\"2024-03-13T09:05:28+00:00\",\"breadcrumb\":{\"@id\":\"https:\/\/autoklastr.cz\/cs\/akce\/38-valna-hromada-autoklastru\/#breadcrumb\"},\"inLanguage\":\"cs-CZ\",\"potentialAction\":[{\"@type\":\"ReadAction\",\"target\":[\"https:\/\/autoklastr.cz\/cs\/akce\/38-valna-hromada-autoklastru\/\"]}]},{\"@type\":\"ImageObject\",\"inLanguage\":\"cs-CZ\",\"@id\":\"https:\/\/autoklastr.cz\/cs\/akce\/38-valna-hromada-autoklastru\/#primaryimage\",\"url\":\"https:\/\/autoklastr.cz\/wp-content\/uploads\/2024\/03\/unnamed-1.jpg\",\"contentUrl\":\"https:\/\/autoklastr.cz\/wp-content\/uploads\/2024\/03\/unnamed-1.jpg\",\"width\":1280,\"height\":400},{\"@type\":\"BreadcrumbList\",\"@id\":\"https:\/\/autoklastr.cz\/cs\/akce\/38-valna-hromada-autoklastru\/#breadcrumb\",\"itemListElement\":[{\"@type\":\"ListItem\",\"position\":1,\"name\":\"Dom\u016f\",\"item\":\"https:\/\/autoklastr.cz\/cs\/\"},{\"@type\":\"ListItem\",\"position\":2,\"name\":\"38. Valn\u00e1 hromada Autoklastru\"}]},{\"@type\":\"WebSite\",\"@id\":\"https:\/\/autoklastr.cz\/cs\/#website\",\"url\":\"https:\/\/autoklastr.cz\/cs\/\",\"name\":\"Autoklastr\",\"description\":\"Spole\u010dn\u011b pro Automotive!\",\"potentialAction\":[{\"@type\":\"SearchAction\",\"target\":{\"@type\":\"EntryPoint\",\"urlTemplate\":\"https:\/\/autoklastr.cz\/cs\/?s={search_term_string}\"},\"query-input\":{\"@type\":\"PropertyValueSpecification\",\"valueRequired\":true,\"valueName\":\"search_term_string\"}}],\"inLanguage\":\"cs-CZ\"}]}<\/script>\n<!-- \/ Yoast SEO plugin. -->","yoast_head_json":{"title":"38. Valn\u00e1 hromada Autoklastru | Autoklastr","robots":{"index":"index","follow":"follow","max-snippet":"max-snippet:-1","max-image-preview":"max-image-preview:large","max-video-preview":"max-video-preview:-1"},"canonical":"https:\/\/autoklastr.cz\/cs\/akce\/38-valna-hromada-autoklastru\/","og_locale":"cs_CZ","og_type":"article","og_title":"[:cs]38. Valn\u00e1 hromada Autoklastru[:] | Autoklastr","og_description":"V\u00e1\u017een\u00ed \u010dlenov\u00e9 a p\u0159\u00e1tel\u00e9 Autoklastru, r\u00e1di bychom V\u00e1s pozvali na ji\u017e 38. Valnou hromadu Autoklastru s n\u00e1sleduj\u00edc\u00edm programem: P\u0159ed zah\u00e1jen\u00edm ofici\u00e1ln\u00ed \u010d\u00e1sti V\u00e1s chceme pozvat na exkurzi ve spole\u010dnosti Brembo Czech s.r.o., z\u00e1vod II Ostrava Exkurze je rezervov\u00e1na pro 2 men\u0161\u00ed skupinky \u00fa\u010dastn\u00edk\u016f se za\u010d\u00e1tkem: v 10:00 (1.skupina) registrace zde v 11:00 (2.skupina) registrace zde [&hellip;]","og_url":"https:\/\/autoklastr.cz\/cs\/akce\/38-valna-hromada-autoklastru\/","og_site_name":"Autoklastr","og_image":[{"width":1280,"height":400,"url":"https:\/\/autoklastr.cz\/wp-content\/uploads\/2024\/03\/unnamed-1.jpg","type":"image\/jpeg"}],"twitter_card":"summary_large_image","twitter_misc":{"Odhadovan\u00e1 doba \u010dten\u00ed":"2 minuty"},"schema":{"@context":"https:\/\/schema.org","@graph":[{"@type":"WebPage","@id":"https:\/\/autoklastr.cz\/cs\/akce\/38-valna-hromada-autoklastru\/","url":"https:\/\/autoklastr.cz\/cs\/akce\/38-valna-hromada-autoklastru\/","name":"38. Valn\u00e1 hromada Autoklastru","isPartOf":{"@id":"https:\/\/autoklastr.cz\/cs\/#website"},"primaryImageOfPage":{"@id":"https:\/\/autoklastr.cz\/cs\/akce\/38-valna-hromada-autoklastru\/#primaryimage"},"image":{"@id":"https:\/\/autoklastr.cz\/cs\/akce\/38-valna-hromada-autoklastru\/#primaryimage"},"thumbnailUrl":"https:\/\/autoklastr.cz\/wp-content\/uploads\/2024\/03\/unnamed-1.jpg","datePublished":"2024-03-13T09:05:28+00:00","breadcrumb":{"@id":"https:\/\/autoklastr.cz\/cs\/akce\/38-valna-hromada-autoklastru\/#breadcrumb"},"inLanguage":"cs-CZ","potentialAction":[{"@type":"ReadAction","target":["https:\/\/autoklastr.cz\/cs\/akce\/38-valna-hromada-autoklastru\/"]}]},{"@type":"ImageObject","inLanguage":"cs-CZ","@id":"https:\/\/autoklastr.cz\/cs\/akce\/38-valna-hromada-autoklastru\/#primaryimage","url":"https:\/\/autoklastr.cz\/wp-content\/uploads\/2024\/03\/unnamed-1.jpg","contentUrl":"https:\/\/autoklastr.cz\/wp-content\/uploads\/2024\/03\/unnamed-1.jpg","width":1280,"height":400},{"@type":"BreadcrumbList","@id":"https:\/\/autoklastr.cz\/cs\/akce\/38-valna-hromada-autoklastru\/#breadcrumb","itemListElement":[{"@type":"ListItem","position":1,"name":"Dom\u016f","item":"https:\/\/autoklastr.cz\/cs\/"},{"@type":"ListItem","position":2,"name":"38. Valn\u00e1 hromada Autoklastru"}]},{"@type":"WebSite","@id":"https:\/\/autoklastr.cz\/cs\/#website","url":"https:\/\/autoklastr.cz\/cs\/","name":"Autoklastr","description":"Spole\u010dn\u011b pro Automotive!","potentialAction":[{"@type":"SearchAction","target":{"@type":"EntryPoint","urlTemplate":"https:\/\/autoklastr.cz\/cs\/?s={search_term_string}"},"query-input":{"@type":"PropertyValueSpecification","valueRequired":true,"valueName":"search_term_string"}}],"inLanguage":"cs-CZ"}]}},"_links":{"self":[{"href":"https:\/\/autoklastr.cz\/cs\/wp-json\/wp\/v2\/akce\/24433"}],"collection":[{"href":"https:\/\/autoklastr.cz\/cs\/wp-json\/wp\/v2\/akce"}],"about":[{"href":"https:\/\/autoklastr.cz\/cs\/wp-json\/wp\/v2\/types\/akce"}],"wp:featuredmedia":[{"embeddable":true,"href":"https:\/\/autoklastr.cz\/cs\/wp-json\/wp\/v2\/media\/24434"}],"wp:attachment":[{"href":"https:\/\/autoklastr.cz\/cs\/wp-json\/wp\/v2\/media?parent=24433"}],"wp:term":[{"taxonomy":"rok","embeddable":true,"href":"https:\/\/autoklastr.cz\/cs\/wp-json\/wp\/v2\/rok?post=24433"},{"taxonomy":"mesic","embeddable":true,"href":"https:\/\/autoklastr.cz\/cs\/wp-json\/wp\/v2\/mesic?post=24433"},{"taxonomy":"type_action","embeddable":true,"href":"https:\/\/autoklastr.cz\/cs\/wp-json\/wp\/v2\/type_action?post=24433"}],"curies":[{"name":"wp","href":"https:\/\/api.w.org\/{rel}","templated":true}]}}