{"id":20572,"date":"2022-06-01T10:16:47","date_gmt":"2022-06-01T08:16:47","guid":{"rendered":"https:\/\/autoklastr.cz\/cs\/?post_type=akce&#038;p=20572"},"modified":"2022-06-01T10:16:47","modified_gmt":"2022-06-01T08:16:47","slug":"lide-v-rovnovaze-2022-vyvazena-konference","status":"publish","type":"akce","link":"https:\/\/autoklastr.cz\/cs\/akce\/lide-v-rovnovaze-2022-vyvazena-konference\/","title":{"rendered":"LID\u00c9 V ROVNOV\u00c1ZE 2022 Vyv\u00e1\u017een\u00e1 konference"},"content":{"rendered":"<div id=\"rstpl-com_rseventspro\" class=\"rstpl-content\"><main id=\"main\"><\/p>\n<div id=\"rs_event_show\">\n<div class=\"rs_controls\">\n<div class=\"btn-group\">Pro \u0159editele firem Autoklastru je sleva v roce 2022 50%<\/div>\n<\/div>\n<div class=\"rsep_date\"><i class=\"fa fa-calendar fa-fw\"><\/i>\u00a0Od 17.06.2022 16:00 do 19.06.2022 12:00<\/div>\n<div class=\"rsep_contact_block\">\n<div class=\"rsep_location\"><i class=\"fa fa-map-marker fa-fw\"><\/i>\u00a0Kde:\u00a0<a href=\"https:\/\/www.lidevrovnovaze.cz\/konference2022\/m%C3%ADsto\/4-konferencni-centrum-malenovice\">Konferen\u010dn\u00ed centrum Malenovice<\/a><\/div>\n<\/div>\n<h4>P\u0159edprogram<\/h4>\n<h5>P\u00e1tek 17. 6. 2022<\/h5>\n<div class=\"cas\">15:00 &#8211; 18:00<\/div>\n<div>Registrace \u00fa\u010dastn\u00edk\u016f<\/div>\n<div class=\"cistic\"><\/div>\n<div class=\"cas\">18:00 &#8211; 19:00<\/div>\n<div>Mo\u017enost d\u00e1t si s n\u00e1mi ve\u010de\u0159i<\/div>\n<div class=\"cistic\"><\/div>\n<div class=\"cas\">20:00 &#8211; 22:00<\/div>\n<div>P\u0159edn\u00e1\u0161ka a beseda s horolezcem<strong>\u00a0Liborem Uhrem<\/strong>\u00a0o jeho vrcholech<\/div>\n<h4>Hlavn\u00ed program konference<\/h4>\n<h5>Sobota 18. 6. 2022<\/h5>\n<div class=\"cas\">8:00 &#8211; 9:00<\/div>\n<div>Registrace \u00fa\u010dastn\u00edk\u016f<\/div>\n<div class=\"cistic\"><\/div>\n<div class=\"cas\">9:00 &#8211; 9:10<\/div>\n<div>\u00davodn\u00ed slovo<strong>\u00a0Zden\u011bk Mich\u00e1lek<\/strong><\/div>\n<div class=\"cistic\"><\/div>\n<div class=\"cas\">9:10 &#8211; 10:00<\/div>\n<div><strong>Tom\u00e1\u0161 Ml\u010d\u00e1k<\/strong>\u00a0&#8211; Jak se starat o sv\u00e9 t\u011blo, aby n\u00e1m dlouho vydr\u017eelo<\/div>\n<div class=\"cistic\"><\/div>\n<div class=\"cas\">10:00 &#8211; 10:20<\/div>\n<div>Coffe Break<\/div>\n<div class=\"cistic\"><\/div>\n<div class=\"cas\">10:20 &#8211; 11:10<\/div>\n<div><strong>Olga Studni\u010dkov\u00e1 \u0160\u00edpkov\u00e1<\/strong>\u00a0&#8211; \u010c\u00edm si v \u017eivot\u011b nech\u00e1v\u00e1me br\u00e1t energii<\/div>\n<div class=\"cistic\"><\/div>\n<div class=\"cas\">11:20 &#8211; 12:10<\/div>\n<div><b>Helena Illnerov\u00e1 &#8211;\u00a0<\/b>Harmonizace na\u0161eho vnit\u0159n\u00edho \u010dasu s \u010dasem vn\u011bj\u0161\u00edm<\/div>\n<div class=\"cistic\"><\/div>\n<div class=\"cas\">12:10 &#8211; 13:30<\/div>\n<div>Ob\u011bdov\u00e1 p\u0159est\u00e1vka<\/div>\n<div class=\"cistic\"><\/div>\n<div class=\"cas\">13:30 &#8211; 14:20<\/div>\n<div><strong>Jarmila Brixov\u00e1<\/strong>\u00a0a<strong>\u00a0Stanka Hederov\u00e1<\/strong>\u00a0&#8211; Wellbeing jako cesta ke spokojen\u00e9mu \u017eivotu<strong><br \/>\n<\/strong><\/div>\n<div class=\"cistic\"><\/div>\n<div class=\"cas\">14:30 &#8211; 15:20<\/div>\n<div><strong>Tom\u00e1\u0161 Hajzler<\/strong>\u00a0&#8211; Pr\u00e1ce jako zp\u016fsob sebe-vyjad\u0159en\u00ed, zdroj sebe-d\u016fv\u011bry a cesta k uzdraven\u00ed<\/div>\n<div class=\"cistic\"><\/div>\n<div class=\"cas\">15:20 &#8211; 15:40<\/div>\n<div>Coffee Break<\/div>\n<div class=\"cistic\"><\/div>\n<div class=\"cas\">15:40 &#8211; 16:30<\/div>\n<div><strong>Gabriela Kon\u010dit\u00edkov\u00e1<\/strong>\u00a0&#8211; Zdrav\u00fd \u017eivot podle Tom\u00e1\u0161e Bati<\/div>\n<div class=\"cistic\">\n<div class=\"cas\">16:40 &#8211; 17:30<\/div>\n<div><strong>Anna Hogenov\u00e1 &#8211;\u00a0<\/strong>Pot\u0159eby na\u0161\u00ed du\u0161e a mo\u017enosti jejich napln\u011bn\u00ed<\/div>\n<\/div>\n<div class=\"cistic\"><\/div>\n<div class=\"cas\">17:40 &#8211; 18:00<\/div>\n<div>Z\u00e1v\u011bre\u010dn\u00e9 shrnut\u00ed a na\u0161e dal\u0161\u00ed pl\u00e1ny\u00a0<strong>Zden\u011bk Mich\u00e1lek<\/strong><\/div>\n<div class=\"cistic\"><\/div>\n<div class=\"cas\">18:00 &#8211; 19:00<\/div>\n<div>Ve\u010de\u0159e<\/div>\n<div><\/div>\n<div>19:00 &#8211; 00:00 Posezen\u00ed u\u00a0<strong>t\u00e1bor\u00e1ku s kytarou<\/strong><\/div>\n<h4>Program po konferenci<\/h4>\n<h5>Ned\u011ble 19. 6. 2022<\/h5>\n<div class=\"cas\">8:00 &#8211; 9:00<\/div>\n<div>Sn\u00eddan\u011b<\/div>\n<div class=\"cas\">9:00<\/div>\n<div>Spole\u010dn\u00fd v\u00fdstup z\u00e1jemc\u016f na<strong>\u00a0Ivan\u010denu\u00a0<\/strong>a<strong>\u00a0Lysou horu<\/strong>, ukon\u010den\u00ed akce<\/div>\n<h5>Cena<\/h5>\n<p>Z\u00e1kladn\u00ed vstupn\u00e9 bez DPH 2100.- K\u010d, s DPH 2541,- K\u010d<\/p>\n<p>V\u00fdhodn\u00e1 cena pro studenty bez DPH 1200,- K\u010d, s DPH 1452,- K\u010d<\/p>\n<p>P\u0159edn\u00e1\u0161ka Libora Uhra vstupn\u00e9 dobrovoln\u00e9.<\/p>\n<p>Kapacita je prozat\u00edm omezena na 50 osob. Storno podm\u00ednky\u00a0<a href=\"https:\/\/www.lidevrovnovaze.cz\/obchodni-podminky#storno\" target=\"_blank\" rel=\"noopener\">ZDE<\/a>.<\/p>\n<h5>Organiza\u010dn\u00ed pokyny<\/h5>\n<p>P\u0159ipojit se k n\u00e1m m\u016f\u017eete jak v p\u00e1tek, tak i v sobotu r\u00e1no. P\u00e1te\u010dn\u00ed a ned\u011bln\u00ed program je koncipov\u00e1n tak, abyste s n\u00e1mi mohli str\u00e1vit cel\u00fd v\u00edkend v podh\u016f\u0159\u00ed Beskyd.<\/p>\n<p><strong>Stravov\u00e1n\u00ed: Menu v jednotn\u00e9 cen\u011b sn\u00eddan\u011b 150 K\u010d, ob\u011bd 185 K\u010d, ve\u010de\u0159e 185 K\u010d<\/strong><br \/>\n(lze objednat p\u0159i registraci od ve\u010de\u0159e v\u00a0p\u00e1tek 17.6 do sn\u00eddan\u011b v\u00a0ned\u011bli 19.6.)<\/p>\n<p>Ubytov\u00e1n\u00ed nen\u00ed sou\u010d\u00e1st\u00ed ceny vstupn\u00e9ho na konferenci, to je t\u0159eba si za\u0159\u00eddit zvl\u00e1\u0161t\u011b.<\/p>\n<p><strong>Tipy na ubytov\u00e1n\u00ed:<\/strong><br \/>\n<strong><a href=\"https:\/\/hotelpetrbezruc.cz\/\" target=\"_blank\" rel=\"noopener\">www.hotelpetrbezruc.cz<\/a><\/strong><br \/>\n<a href=\"https:\/\/www.malenovice.com\/\" target=\"_blank\" rel=\"noopener\"><strong>www.malenovice.com<\/strong><br \/>\n<\/a><strong><a href=\"https:\/\/www.rajskabouda.cz\/\" target=\"_blank\" rel=\"noopener\">www.rajskabouda.cz<\/a><\/strong><br \/>\n<strong><a href=\"https:\/\/www.hotelkolonie.cz\/\" target=\"_blank\" rel=\"noopener\">www.hotelkolonie.cz<\/a><\/strong><br \/>\n<strong><a href=\"http:\/\/www.chatapodlysou.cz\/\" target=\"_blank\" rel=\"noopener\">www.chatapodlysou.cz<\/a><\/strong><br \/>\n<strong><a href=\"http:\/\/www.pensionsance.cz\/\" target=\"_blank\" rel=\"noopener\">www.pensionsance.cz<\/a><\/strong><br \/>\n<strong><a href=\"https:\/\/www.autokemp-frenstat.cz\/\" target=\"_blank\" rel=\"noopener\">www.autokemp-frenstat.cz<\/a><\/strong><\/p>\n<p><strong>Parkov\u00e1n\u00ed:<\/strong><br \/>\nMo\u017enost parkov\u00e1n\u00ed u Hotelu KAM (zdarma), p\u0159\u00edpadn\u011b na obecn\u00edm parkovi\u0161ti u restaurace Rajsk\u00e1 bouda (poplatek 50,- K\u010d\/den).<\/p>\n<div class=\"rs_clear\"><\/div>\n<h3>Partne\u0159i<\/h3>\n<ul class=\"thumbnails rsepro-sponsors list-inline d-flex clearfix\">\n<li class=\"span3 list-inline-item\">\n<div class=\"thumbnail center\"><a href=\"https:\/\/autoklastr.cz\/cs\/\" target=\"_blank\" rel=\"noopener\"><img decoding=\"async\" class=\"rsepro-sponsor-image\" src=\"https:\/\/www.lidevrovnovaze.cz\/components\/com_rseventspro\/assets\/images\/sponsors\/15.jpg\" alt=\"Autoklastr\" \/><\/a><\/div>\n<\/li>\n<li class=\"span3 list-inline-item\">\n<div class=\"thumbnail center\"><a href=\"https:\/\/hmpartners.cz\/\" target=\"_blank\" rel=\"noopener\"><img decoding=\"async\" class=\"rsepro-sponsor-image\" src=\"https:\/\/www.lidevrovnovaze.cz\/components\/com_rseventspro\/assets\/images\/sponsors\/1.jpg\" alt=\"HM PARTNERS s.r.o.\" \/><\/a><\/div>\n<\/li>\n<li class=\"span3 list-inline-item\">\n<div class=\"thumbnail center\"><a href=\"https:\/\/www.radegast.cz\/\" target=\"_blank\" rel=\"noopener\"><img decoding=\"async\" class=\"rsepro-sponsor-image\" src=\"https:\/\/www.lidevrovnovaze.cz\/components\/com_rseventspro\/assets\/images\/sponsors\/3.jpg\" alt=\"Radegast\" \/><\/a><\/div>\n<\/li>\n<li class=\"span3 list-inline-item\">\n<div class=\"thumbnail center\"><a href=\"https:\/\/www.sonnentor.com\/cs-cz\" target=\"_blank\" rel=\"noopener\"><img decoding=\"async\" class=\"rsepro-sponsor-image\" src=\"https:\/\/www.lidevrovnovaze.cz\/components\/com_rseventspro\/assets\/images\/sponsors\/11.jpg\" alt=\"Sonnentor\" \/><\/a><\/div>\n<\/li>\n<\/ul>\n<h3>Lekto\u0159i<\/h3>\n<ul class=\"thumbnails rsepro-speakers list-inline d-flex clearfix\">\n<li class=\"span3 list-inline-item\">\n<div class=\"thumbnail\"><img loading=\"lazy\" decoding=\"async\" class=\"rsepro-speaker-image\" src=\"https:\/\/www.lidevrovnovaze.cz\/components\/com_rseventspro\/assets\/images\/speakers\/33.jpg\" alt=\"Anna Hogenov\u00e1\" width=\"100\" height=\"150\" \/><\/p>\n<div class=\"caption\">\n<p class=\"rsepro-speaker-name\">Anna Hogenov\u00e1<\/p>\n<ul class=\"rsepro-speaker-info\">\n<li><\/li>\n<\/ul>\n<\/div>\n<\/div>\n<\/li>\n<li class=\"span3 list-inline-item\">\n<div class=\"thumbnail\"><img loading=\"lazy\" decoding=\"async\" class=\"rsepro-speaker-image\" src=\"https:\/\/www.lidevrovnovaze.cz\/components\/com_rseventspro\/assets\/images\/speakers\/30.jpg\" alt=\"Gabriela Kon\u010dit\u00edkov\u00e1\" width=\"100\" height=\"150\" \/><\/p>\n<div class=\"caption\">\n<p class=\"rsepro-speaker-name\">Gabriela Kon\u010dit\u00edkov\u00e1<\/p>\n<ul class=\"rsepro-speaker-info\">\n<li><\/li>\n<\/ul>\n<\/div>\n<\/div>\n<\/li>\n<li class=\"span3 list-inline-item\">\n<div class=\"thumbnail\"><img loading=\"lazy\" decoding=\"async\" class=\"rsepro-speaker-image\" src=\"https:\/\/www.lidevrovnovaze.cz\/components\/com_rseventspro\/assets\/images\/speakers\/32.jpg\" alt=\"Helena Illnerov\u00e1\" width=\"100\" height=\"150\" \/><\/p>\n<div class=\"caption\">\n<p class=\"rsepro-speaker-name\">Helena Illnerov\u00e1<\/p>\n<ul class=\"rsepro-speaker-info\">\n<li><\/li>\n<\/ul>\n<\/div>\n<\/div>\n<\/li>\n<li class=\"span3 list-inline-item\">\n<div class=\"thumbnail\"><img loading=\"lazy\" decoding=\"async\" class=\"rsepro-speaker-image\" src=\"https:\/\/www.lidevrovnovaze.cz\/components\/com_rseventspro\/assets\/images\/speakers\/10.jpg\" alt=\"Ing. Jarmila Brixov\u00e1\" width=\"100\" height=\"150\" \/><\/p>\n<div class=\"caption\">\n<p class=\"rsepro-speaker-name\">Ing. Jarmila Brixov\u00e1<\/p>\n<ul class=\"rsepro-speaker-info\">\n<li><\/li>\n<\/ul>\n<\/div>\n<\/div>\n<\/li>\n<\/ul>\n<ul class=\"thumbnails rsepro-speakers list-inline d-flex clearfix\">\n<li class=\"span3 list-inline-item\">\n<div class=\"thumbnail\"><img loading=\"lazy\" decoding=\"async\" class=\"rsepro-speaker-image\" src=\"https:\/\/www.lidevrovnovaze.cz\/components\/com_rseventspro\/assets\/images\/speakers\/36.jpg\" alt=\"Libor Uher\" width=\"100\" height=\"150\" \/><\/p>\n<div class=\"caption\">\n<p class=\"rsepro-speaker-name\">Libor Uher<\/p>\n<ul class=\"rsepro-speaker-info\">\n<li><\/li>\n<\/ul>\n<\/div>\n<\/div>\n<\/li>\n<li class=\"span3 list-inline-item\">\n<div class=\"thumbnail\"><img loading=\"lazy\" decoding=\"async\" class=\"rsepro-speaker-image\" src=\"https:\/\/www.lidevrovnovaze.cz\/components\/com_rseventspro\/assets\/images\/speakers\/35.jpg\" alt=\"Olga Studni\u010dkov\u00e1 \u0160\u00edpkov\u00e1\" width=\"100\" height=\"150\" \/><\/p>\n<div class=\"caption\">\n<p class=\"rsepro-speaker-name\">Olga Studni\u010dkov\u00e1 \u0160\u00edpkov\u00e1<\/p>\n<ul class=\"rsepro-speaker-info\">\n<li><\/li>\n<\/ul>\n<\/div>\n<\/div>\n<\/li>\n<li class=\"span3 list-inline-item\">\n<div class=\"thumbnail\"><img loading=\"lazy\" decoding=\"async\" class=\"rsepro-speaker-image\" src=\"https:\/\/www.lidevrovnovaze.cz\/components\/com_rseventspro\/assets\/images\/speakers\/37.png\" alt=\"Stanislava Hederov\u00e1\" width=\"100\" height=\"150\" \/><\/p>\n<div class=\"caption\">\n<p class=\"rsepro-speaker-name\">Stanislava Hederov\u00e1<\/p>\n<ul class=\"rsepro-speaker-info\">\n<li><\/li>\n<\/ul>\n<\/div>\n<\/div>\n<\/li>\n<li class=\"span3 list-inline-item\">\n<div class=\"thumbnail\"><img loading=\"lazy\" decoding=\"async\" class=\"rsepro-speaker-image\" src=\"https:\/\/www.lidevrovnovaze.cz\/components\/com_rseventspro\/assets\/images\/speakers\/31.jpg\" alt=\"Tom\u00e1\u0161 Hajzler\" width=\"100\" height=\"150\" \/><\/p>\n<div class=\"caption\">\n<p class=\"rsepro-speaker-name\">Tom\u00e1\u0161 Hajzler<\/p>\n<ul class=\"rsepro-speaker-info\">\n<li><\/li>\n<\/ul>\n<\/div>\n<\/div>\n<\/li>\n<\/ul>\n<ul class=\"thumbnails rsepro-speakers list-inline d-flex clearfix\">\n<li class=\"span3 list-inline-item\">\n<div class=\"thumbnail\"><img loading=\"lazy\" decoding=\"async\" class=\"rsepro-speaker-image\" src=\"https:\/\/www.lidevrovnovaze.cz\/components\/com_rseventspro\/assets\/images\/speakers\/34.jpg\" alt=\"Tom\u00e1\u0161 Ml\u010d\u00e1k\" width=\"100\" height=\"150\" \/><\/p>\n<div class=\"caption\">\n<p class=\"rsepro-speaker-name\">Tom\u00e1\u0161 Ml\u010d\u00e1k<\/p>\n<ul class=\"rsepro-speaker-info\">\n<li><\/li>\n<\/ul>\n<\/div>\n<\/div>\n<\/li>\n<\/ul>\n<div id=\"rsepro-speaker-overlay\" class=\"rsepro-speaker-overlay\">\n<div class=\"rsepro-close\"><\/div>\n<div class=\"rsepro-speaker-overlay-container\">\n<div id=\"rsepro-speaker-overlay-image\"><\/div>\n<div id=\"rsepro-speaker-overlay-name\"><\/div>\n<div id=\"rsepro-speaker-overlay-info\"><\/div>\n<\/div>\n<\/div>\n<\/div>\n<p><\/main><\/div>\n","protected":false},"excerpt":{"rendered":"<p>Pro \u0159editele firem Autoklastru je sleva v roce 2022 50% \u00a0Od 17.06.2022 16:00 do 19.06.2022 12:00 \u00a0Kde:\u00a0Konferen\u010dn\u00ed centrum Malenovice P\u0159edprogram P\u00e1tek 17. 6. 2022 15:00 &#8211; 18:00 Registrace \u00fa\u010dastn\u00edk\u016f 18:00 &#8211; 19:00 Mo\u017enost d\u00e1t si s n\u00e1mi ve\u010de\u0159i 20:00 &#8211; 22:00 P\u0159edn\u00e1\u0161ka a beseda s horolezcem\u00a0Liborem Uhrem\u00a0o jeho vrcholech Hlavn\u00ed program konference Sobota 18. 6. [&hellip;]<\/p>\n","protected":false},"featured_media":20574,"template":"","rok":[74],"mesic":[83],"type_action":[565],"acf":[],"yoast_head":"<!-- This site is optimized with the Yoast SEO plugin v24.5 - https:\/\/yoast.com\/wordpress\/plugins\/seo\/ -->\n<title>LID\u00c9 V ROVNOV\u00c1ZE 2022 Vyv\u00e1\u017een\u00e1 konference | Autoklastr<\/title>\n<meta name=\"robots\" content=\"index, follow, max-snippet:-1, max-image-preview:large, max-video-preview:-1\" \/>\n<link rel=\"canonical\" href=\"https:\/\/autoklastr.cz\/en\/akce\/lide-v-rovnovaze-2022-vyvazena-konference\/\" \/>\n<meta property=\"og:locale\" content=\"cs_CZ\" \/>\n<meta property=\"og:locale:alternate\" content=\"en_US\" \/>\n<meta property=\"og:type\" content=\"article\" \/>\n<meta property=\"og:title\" content=\"LID\u00c9 V ROVNOV\u00c1ZE 2022 Vyv\u00e1\u017een\u00e1 konference\" \/>\n<meta property=\"og:description\" content=\"Pro \u0159editele firem Autoklastru je sleva v roce 2022 50% \u00a0Od 17.06.2022 16:00 do 19.06.2022 12:00 \u00a0Kde:\u00a0Konferen\u010dn\u00ed centrum Malenovice P\u0159edprogram P\u00e1tek 17. 6. 2022 15:00 &#8211; 18:00 Registrace \u00fa\u010dastn\u00edk\u016f 18:00 &#8211; 19:00 Mo\u017enost d\u00e1t si s n\u00e1mi ve\u010de\u0159i 20:00 &#8211; 22:00 P\u0159edn\u00e1\u0161ka a beseda s horolezcem\u00a0Liborem Uhrem\u00a0o jeho vrcholech Hlavn\u00ed program konference Sobota 18. 6. [&hellip;]\" \/>\n<meta property=\"og:url\" content=\"https:\/\/autoklastr.cz\/cs\/akce\/lide-v-rovnovaze-2022-vyvazena-konference\/\" \/>\n<meta property=\"og:site_name\" content=\"Autoklastr\" \/>\n<meta property=\"og:image\" content=\"https:\/\/autoklastr.cz\/wp-content\/uploads\/2022\/06\/Snimek-obrazovky-2022-06-01-100937.png\" \/>\n\t<meta property=\"og:image:width\" content=\"501\" \/>\n\t<meta property=\"og:image:height\" content=\"435\" \/>\n\t<meta property=\"og:image:type\" content=\"image\/png\" \/>\n<meta name=\"twitter:card\" content=\"summary_large_image\" \/>\n<meta name=\"twitter:label1\" content=\"Odhadovan\u00e1 doba \u010dten\u00ed\" \/>\n\t<meta name=\"twitter:data1\" content=\"5 minut\" \/>\n<script type=\"application\/ld+json\" class=\"yoast-schema-graph\">{\"@context\":\"https:\/\/schema.org\",\"@graph\":[{\"@type\":\"WebPage\",\"@id\":\"https:\/\/autoklastr.cz\/en\/akce\/lide-v-rovnovaze-2022-vyvazena-konference\/\",\"url\":\"https:\/\/autoklastr.cz\/en\/akce\/lide-v-rovnovaze-2022-vyvazena-konference\/\",\"name\":\"LID\u00c9 V ROVNOV\u00c1ZE 2022 Vyv\u00e1\u017een\u00e1 konference\",\"isPartOf\":{\"@id\":\"https:\/\/autoklastr.cz\/cs\/#website\"},\"primaryImageOfPage\":{\"@id\":\"https:\/\/autoklastr.cz\/en\/akce\/lide-v-rovnovaze-2022-vyvazena-konference\/#primaryimage\"},\"image\":{\"@id\":\"https:\/\/autoklastr.cz\/en\/akce\/lide-v-rovnovaze-2022-vyvazena-konference\/#primaryimage\"},\"thumbnailUrl\":\"https:\/\/autoklastr.cz\/wp-content\/uploads\/2022\/06\/Snimek-obrazovky-2022-06-01-100937.png\",\"datePublished\":\"2022-06-01T08:16:47+00:00\",\"breadcrumb\":{\"@id\":\"https:\/\/autoklastr.cz\/en\/akce\/lide-v-rovnovaze-2022-vyvazena-konference\/#breadcrumb\"},\"inLanguage\":\"cs-CZ\",\"potentialAction\":[{\"@type\":\"ReadAction\",\"target\":[\"https:\/\/autoklastr.cz\/en\/akce\/lide-v-rovnovaze-2022-vyvazena-konference\/\"]}]},{\"@type\":\"ImageObject\",\"inLanguage\":\"cs-CZ\",\"@id\":\"https:\/\/autoklastr.cz\/en\/akce\/lide-v-rovnovaze-2022-vyvazena-konference\/#primaryimage\",\"url\":\"https:\/\/autoklastr.cz\/wp-content\/uploads\/2022\/06\/Snimek-obrazovky-2022-06-01-100937.png\",\"contentUrl\":\"https:\/\/autoklastr.cz\/wp-content\/uploads\/2022\/06\/Snimek-obrazovky-2022-06-01-100937.png\",\"width\":501,\"height\":435},{\"@type\":\"BreadcrumbList\",\"@id\":\"https:\/\/autoklastr.cz\/en\/akce\/lide-v-rovnovaze-2022-vyvazena-konference\/#breadcrumb\",\"itemListElement\":[{\"@type\":\"ListItem\",\"position\":1,\"name\":\"Dom\u016f\",\"item\":\"https:\/\/autoklastr.cz\/cs\/\"},{\"@type\":\"ListItem\",\"position\":2,\"name\":\"LID\u00c9 V ROVNOV\u00c1ZE 2022 Vyv\u00e1\u017een\u00e1 konference\"}]},{\"@type\":\"WebSite\",\"@id\":\"https:\/\/autoklastr.cz\/cs\/#website\",\"url\":\"https:\/\/autoklastr.cz\/cs\/\",\"name\":\"Autoklastr\",\"description\":\"Spole\u010dn\u011b pro Automotive!\",\"potentialAction\":[{\"@type\":\"SearchAction\",\"target\":{\"@type\":\"EntryPoint\",\"urlTemplate\":\"https:\/\/autoklastr.cz\/cs\/?s={search_term_string}\"},\"query-input\":{\"@type\":\"PropertyValueSpecification\",\"valueRequired\":true,\"valueName\":\"search_term_string\"}}],\"inLanguage\":\"cs-CZ\"}]}<\/script>\n<!-- \/ Yoast SEO plugin. -->","yoast_head_json":{"title":"LID\u00c9 V ROVNOV\u00c1ZE 2022 Vyv\u00e1\u017een\u00e1 konference | Autoklastr","robots":{"index":"index","follow":"follow","max-snippet":"max-snippet:-1","max-image-preview":"max-image-preview:large","max-video-preview":"max-video-preview:-1"},"canonical":"https:\/\/autoklastr.cz\/en\/akce\/lide-v-rovnovaze-2022-vyvazena-konference\/","og_locale":"cs_CZ","og_type":"article","og_title":"[:cs]LID\u00c9 V ROVNOV\u00c1ZE 2022 Vyv\u00e1\u017een\u00e1 konference[:] | Autoklastr","og_description":"Pro \u0159editele firem Autoklastru je sleva v roce 2022 50% \u00a0Od 17.06.2022 16:00 do 19.06.2022 12:00 \u00a0Kde:\u00a0Konferen\u010dn\u00ed centrum Malenovice P\u0159edprogram P\u00e1tek 17. 6. 2022 15:00 &#8211; 18:00 Registrace \u00fa\u010dastn\u00edk\u016f 18:00 &#8211; 19:00 Mo\u017enost d\u00e1t si s n\u00e1mi ve\u010de\u0159i 20:00 &#8211; 22:00 P\u0159edn\u00e1\u0161ka a beseda s horolezcem\u00a0Liborem Uhrem\u00a0o jeho vrcholech Hlavn\u00ed program konference Sobota 18. 6. [&hellip;]","og_url":"https:\/\/autoklastr.cz\/cs\/akce\/lide-v-rovnovaze-2022-vyvazena-konference\/","og_site_name":"Autoklastr","og_image":[{"width":501,"height":435,"url":"https:\/\/autoklastr.cz\/wp-content\/uploads\/2022\/06\/Snimek-obrazovky-2022-06-01-100937.png","type":"image\/png"}],"twitter_card":"summary_large_image","twitter_misc":{"Odhadovan\u00e1 doba \u010dten\u00ed":"5 minut"},"schema":{"@context":"https:\/\/schema.org","@graph":[{"@type":"WebPage","@id":"https:\/\/autoklastr.cz\/en\/akce\/lide-v-rovnovaze-2022-vyvazena-konference\/","url":"https:\/\/autoklastr.cz\/en\/akce\/lide-v-rovnovaze-2022-vyvazena-konference\/","name":"LID\u00c9 V ROVNOV\u00c1ZE 2022 Vyv\u00e1\u017een\u00e1 konference","isPartOf":{"@id":"https:\/\/autoklastr.cz\/cs\/#website"},"primaryImageOfPage":{"@id":"https:\/\/autoklastr.cz\/en\/akce\/lide-v-rovnovaze-2022-vyvazena-konference\/#primaryimage"},"image":{"@id":"https:\/\/autoklastr.cz\/en\/akce\/lide-v-rovnovaze-2022-vyvazena-konference\/#primaryimage"},"thumbnailUrl":"https:\/\/autoklastr.cz\/wp-content\/uploads\/2022\/06\/Snimek-obrazovky-2022-06-01-100937.png","datePublished":"2022-06-01T08:16:47+00:00","breadcrumb":{"@id":"https:\/\/autoklastr.cz\/en\/akce\/lide-v-rovnovaze-2022-vyvazena-konference\/#breadcrumb"},"inLanguage":"cs-CZ","potentialAction":[{"@type":"ReadAction","target":["https:\/\/autoklastr.cz\/en\/akce\/lide-v-rovnovaze-2022-vyvazena-konference\/"]}]},{"@type":"ImageObject","inLanguage":"cs-CZ","@id":"https:\/\/autoklastr.cz\/en\/akce\/lide-v-rovnovaze-2022-vyvazena-konference\/#primaryimage","url":"https:\/\/autoklastr.cz\/wp-content\/uploads\/2022\/06\/Snimek-obrazovky-2022-06-01-100937.png","contentUrl":"https:\/\/autoklastr.cz\/wp-content\/uploads\/2022\/06\/Snimek-obrazovky-2022-06-01-100937.png","width":501,"height":435},{"@type":"BreadcrumbList","@id":"https:\/\/autoklastr.cz\/en\/akce\/lide-v-rovnovaze-2022-vyvazena-konference\/#breadcrumb","itemListElement":[{"@type":"ListItem","position":1,"name":"Dom\u016f","item":"https:\/\/autoklastr.cz\/cs\/"},{"@type":"ListItem","position":2,"name":"LID\u00c9 V ROVNOV\u00c1ZE 2022 Vyv\u00e1\u017een\u00e1 konference"}]},{"@type":"WebSite","@id":"https:\/\/autoklastr.cz\/cs\/#website","url":"https:\/\/autoklastr.cz\/cs\/","name":"Autoklastr","description":"Spole\u010dn\u011b pro Automotive!","potentialAction":[{"@type":"SearchAction","target":{"@type":"EntryPoint","urlTemplate":"https:\/\/autoklastr.cz\/cs\/?s={search_term_string}"},"query-input":{"@type":"PropertyValueSpecification","valueRequired":true,"valueName":"search_term_string"}}],"inLanguage":"cs-CZ"}]}},"_links":{"self":[{"href":"https:\/\/autoklastr.cz\/cs\/wp-json\/wp\/v2\/akce\/20572"}],"collection":[{"href":"https:\/\/autoklastr.cz\/cs\/wp-json\/wp\/v2\/akce"}],"about":[{"href":"https:\/\/autoklastr.cz\/cs\/wp-json\/wp\/v2\/types\/akce"}],"wp:featuredmedia":[{"embeddable":true,"href":"https:\/\/autoklastr.cz\/cs\/wp-json\/wp\/v2\/media\/20574"}],"wp:attachment":[{"href":"https:\/\/autoklastr.cz\/cs\/wp-json\/wp\/v2\/media?parent=20572"}],"wp:term":[{"taxonomy":"rok","embeddable":true,"href":"https:\/\/autoklastr.cz\/cs\/wp-json\/wp\/v2\/rok?post=20572"},{"taxonomy":"mesic","embeddable":true,"href":"https:\/\/autoklastr.cz\/cs\/wp-json\/wp\/v2\/mesic?post=20572"},{"taxonomy":"type_action","embeddable":true,"href":"https:\/\/autoklastr.cz\/cs\/wp-json\/wp\/v2\/type_action?post=20572"}],"curies":[{"name":"wp","href":"https:\/\/api.w.org\/{rel}","templated":true}]}}